{"id":326559,"date":"2026-07-13T09:57:50","date_gmt":"2026-07-13T09:57:50","guid":{"rendered":"https:\/\/secure.cief.org\/wp\/?page_id=326559"},"modified":"2026-09-03T19:57:14","modified_gmt":"2026-09-03T19:57:14","slug":"appel-a-sessions-proposees-par-les-membres-2-2","status":"publish","type":"page","link":"https:\/\/secure.cief.org\/wp\/?page_id=326559","title":{"rendered":"Appel \u00e0 sessions (propos\u00e9es par les membres)"},"content":{"rendered":"<p><strong>1. D\u00e9cloisonner les m\u00e9moires : r\u00e9cits, trajectoires et contre-r\u00e9cits des circulations dans l&rsquo;espace francophone<\/strong><\/p>\n<p>Les fronti\u00e8res g\u00e9opolitiques contemporaines de l\u2019espace francophone portent encore les stigmates des d\u00e9coupages coloniaux et des logiques d&rsquo;enclavement national. Pourtant, face aux cloisonnements g\u00e9ographiques et m\u00e9moriels impos\u00e9s par l\u2019Histoire, le monde francophone est le th\u00e9\u00e2tre de circulations constantes \u2014 qu&rsquo;elles soient choisies, contraintes, intellectuelles ou artistiques. Cette session se propose d\u2019analyser comment la litt\u00e9rature, les arts et l\u2019historiographie francophones contemporains s\u2019emparent de ces flux pour subvertir les fronti\u00e8res et faire \u00e9merger des \u00ab contre-r\u00e9cits \u00bb.<\/p>\n<p>D\u00e9cloisonner les m\u00e9moires implique de d\u00e9passer le face-\u00e0-face traditionnel entre l&rsquo;ancienne m\u00e9tropole et ses ex-colonies (sch\u00e9ma centre \/ p\u00e9riph\u00e9rie) pour adopter une perspective transnationale et transversale (dialogues Sud-Sud\u00a0; parcours diasporiques multipolaires). Il s&rsquo;agira d&rsquo;\u00e9tudier comment les r\u00e9cits, les films, les productions artistiques francophones agissent comme des espaces de r\u00e9paration, de n\u00e9gociation et de red\u00e9finition des identit\u00e9s.<\/p>\n<p>Nous interrogerons la mani\u00e8re dont les \u00e9crivains, cin\u00e9astes, artistes et chercheurs francophones habitent les marges et traversent les fronti\u00e8res pour relier des m\u00e9moires fragment\u00e9es (guerres d&rsquo;ind\u00e9pendance, migrations, exils). En brisant les silos nationaux, cette session souhaite mettre en lumi\u00e8re une \u00ab m\u00e9moire-monde \u00bb francophone, fluide et interconnect\u00e9e, capable de proposer de nouvelles cartographies de la pens\u00e9e.<\/p>\n<p><strong>Contact :\u00a0<\/strong>M. Mohamed A\u00cfT-AARAB\u00a0 <a href=\"mailto:mohamed.ait-aarab@univ-reunion.fr\">mohamed.ait-aarab@univ-reunion.fr<\/a><\/p>\n","protected":false},"excerpt":{"rendered":"<p>1. D\u00e9cloisonner les m\u00e9moires : r\u00e9cits, trajectoires et contre-r\u00e9cits des circulations dans l&rsquo;espace francophone Les fronti\u00e8res g\u00e9opolitiques contemporaines de l\u2019espace francophone portent encore les stigmates des d\u00e9coupages coloniaux et des logiques d&rsquo;enclavement national. Pourtant, face aux cloisonnements g\u00e9ographiques et m\u00e9moriels impos\u00e9s par l\u2019Histoire, le monde francophone est le th\u00e9\u00e2tre de circulations constantes \u2014 qu&rsquo;elles soient [&hellip;]<\/p>\n","protected":false},"author":1,"featured_media":0,"parent":326554,"menu_order":0,"comment_status":"closed","ping_status":"closed","template":"page-congres.php","meta":{"footnotes":""},"categories":[40],"tags":[],"class_list":["post-326559","page","type-page","status-publish","hentry","category-congres-2027"],"_links":{"self":[{"href":"https:\/\/secure.cief.org\/wp\/index.php?rest_route=\/wp\/v2\/pages\/326559","targetHints":{"allow":["GET"]}}],"collection":[{"href":"https:\/\/secure.cief.org\/wp\/index.php?rest_route=\/wp\/v2\/pages"}],"about":[{"href":"https:\/\/secure.cief.org\/wp\/index.php?rest_route=\/wp\/v2\/types\/page"}],"author":[{"embeddable":true,"href":"https:\/\/secure.cief.org\/wp\/index.php?rest_route=\/wp\/v2\/users\/1"}],"replies":[{"embeddable":true,"href":"https:\/\/secure.cief.org\/wp\/index.php?rest_route=%2Fwp%2Fv2%2Fcomments&post=326559"}],"version-history":[{"count":3,"href":"https:\/\/secure.cief.org\/wp\/index.php?rest_route=\/wp\/v2\/pages\/326559\/revisions"}],"predecessor-version":[{"id":330166,"href":"https:\/\/secure.cief.org\/wp\/index.php?rest_route=\/wp\/v2\/pages\/326559\/revisions\/330166"}],"up":[{"embeddable":true,"href":"https:\/\/secure.cief.org\/wp\/index.php?rest_route=\/wp\/v2\/pages\/326554"}],"wp:attachment":[{"href":"https:\/\/secure.cief.org\/wp\/index.php?rest_route=%2Fwp%2Fv2%2Fmedia&parent=326559"}],"wp:term":[{"taxonomy":"category","embeddable":true,"href":"https:\/\/secure.cief.org\/wp\/index.php?rest_route=%2Fwp%2Fv2%2Fcategories&post=326559"},{"taxonomy":"post_tag","embeddable":true,"href":"https:\/\/secure.cief.org\/wp\/index.php?rest_route=%2Fwp%2Fv2%2Ftags&post=326559"}],"curies":[{"name":"wp","href":"https:\/\/api.w.org\/{rel}","templated":true}]}}